{"id":29518,"date":"2022-01-19T15:56:04","date_gmt":"2022-01-19T14:56:04","guid":{"rendered":"https:\/\/creperie-an-arvor.ch\/a-propos-de-nous\/"},"modified":"2022-01-28T15:01:35","modified_gmt":"2022-01-28T14:01:35","slug":"a-propos-de-nous","status":"publish","type":"page","link":"https:\/\/creperie-an-arvor.ch\/de\/a-propos-de-nous\/","title":{"rendered":"\u00dcber uns"},"content":{"rendered":"<p>[et_pb_section fb_built=&#8220;1&#8243; fullwidth=&#8220;on&#8220; disabled_on=&#8220;on|on|off&#8220; _builder_version=&#8220;4.10.5&#8243; _module_preset=&#8220;default&#8220; background_enable_image=&#8220;off&#8220; global_colors_info=&#8220;{}&#8220;][et_pb_fullwidth_slider arrows_custom_color=&#8220;#ffffff&#8220; dot_nav_custom_color=&#8220;#ffffff&#8220; _builder_version=&#8220;4.10.5&#8243; _dynamic_attributes=&#8220;link_option_url&#8220; _module_preset=&#8220;default&#8220; header_font=&#8220;EB Garamond||on||||||&#8220; header_text_color=&#8220;#ffffff&#8220; header_font_size=&#8220;21px&#8220; body_font=&#8220;EB Garamond|||on|||||&#8220; body_text_color=&#8220;#ffffff&#8220; body_font_size=&#8220;50px&#8220; body_letter_spacing=&#8220;8px&#8220; body_line_height=&#8220;1.8em&#8220; background_color=&#8220;rgba(0,0,0,0)&#8220; custom_button=&#8220;on&#8220; button_text_size=&#8220;15px&#8220; button_text_color=&#8220;#ffffff&#8220; button_bg_color=&#8220;rgba(0,0,0,0)&#8220; button_border_width=&#8220;1px&#8220; button_border_color=&#8220;#c9ab81&#8243; button_border_radius=&#8220;0px&#8220; button_letter_spacing=&#8220;0.9px&#8220; button_font=&#8220;Alegreya Sans|700|||||||&#8220; button_use_icon=&#8220;off&#8220; button_custom_padding=&#8220;14px|37px|14px|37px|true|true&#8220; content_width=&#8220;94%&#8220; content_max_width=&#8220;1300px&#8220; custom_padding=&#8220;33vh|0px|33vh|0px|true|true&#8220; custom_padding_tablet=&#8220;27vh||27vh||true|true&#8220; custom_padding_phone=&#8220;18vh||18vh||true|true&#8220; custom_padding_last_edited=&#8220;on|phone&#8220; hover_transition_duration=&#8220;0ms&#8220; link_option_url=&#8220;@ET-DC@eyJkeW5hbWljIjp0cnVlLCJjb250ZW50IjoicG9zdF9saW5rX3VybF9wYWdlIiwic2V0dGluZ3MiOnsicG9zdF9pZCI6IjQ1In19@&#8220; hover_enabled=&#8220;0&#8243; body_font_size_tablet=&#8220;&#8220; body_font_size_phone=&#8220;30px&#8220; body_font_size_last_edited=&#8220;on|phone&#8220; body_letter_spacing_tablet=&#8220;&#8220; body_letter_spacing_phone=&#8220;4px&#8220; body_letter_spacing_last_edited=&#8220;on|phone&#8220; body_line_height_tablet=&#8220;1.3em&#8220; body_line_height_phone=&#8220;1.5em&#8220; body_line_height_last_edited=&#8220;on|phone&#8220; header_text_shadow_style=&#8220;preset1&#8243; header_text_shadow_color=&#8220;rgba(0,0,0,0)&#8220; body_text_shadow_style=&#8220;preset1&#8243; body_text_shadow_color=&#8220;rgba(0,0,0,0)&#8220; global_colors_info=&#8220;{}&#8220; button_text_color__hover_enabled=&#8220;on|hover&#8220; button_text_color__hover=&#8220;#ffffff&#8220; button_bg_color__hover_enabled=&#8220;on|hover&#8220; button_bg_color__hover=&#8220;#c9ab81&#8243; button_bg_enable_color__hover=&#8220;on&#8220; button_border_color__hover_enabled=&#8220;on|hover&#8220; button_border_color__hover=&#8220;#c9ab81&#8243; button_letter_spacing__hover_enabled=&#8220;on|desktop&#8220; button_letter_spacing__hover=&#8220;0.9px&#8220; sticky_enabled=&#8220;0&#8243;][et_pb_slide heading=&#8220;Cr\u00eaperie An Arvor&#8220; button_text=&#8220;kontaktieren Sie uns&#8220; button_link=&#8220;@ET-DC@eyJkeW5hbWljIjp0cnVlLCJjb250ZW50IjoicG9zdF9saW5rX3VybF9wYWdlIiwic2V0dGluZ3MiOnsicG9zdF9pZCI6IjQ1In19@&#8220; _builder_version=&#8220;4.10.5&#8243; _dynamic_attributes=&#8220;button_link&#8220; _module_preset=&#8220;default&#8220; body_font=&#8220;EB Garamond|||on|||||&#8220; background_color=&#8220;rgba(0,0,0,0)&#8220; background_enable_color=&#8220;on&#8220; use_background_color_gradient=&#8220;on&#8220; background_color_gradient_start=&#8220;rgba(0,0,0,0.42)&#8220; background_color_gradient_end=&#8220;rgba(0,0,0,0.42)&#8220; background_color_gradient_overlays_image=&#8220;on&#8220; background_image=&#8220;https:\/\/creperie-an-arvor.ch\/wp-content\/uploads\/2021\/11\/2100x1400triskel-scaled.webp&#8220; background_enable_image=&#8220;on&#8220; hover_enabled=&#8220;0&#8243; global_colors_info=&#8220;{}&#8220; sticky_transition=&#8220;on&#8220; sticky_enabled=&#8220;0&#8243;]<\/p>\n<p>\u00fcber uns<\/p>\n<p>[\/et_pb_slide][\/et_pb_fullwidth_slider][\/et_pb_section][et_pb_section fb_built=&#8220;1&#8243; fullwidth=&#8220;on&#8220; disabled_on=&#8220;off|off|on&#8220; _builder_version=&#8220;4.10.5&#8243; _module_preset=&#8220;default&#8220; background_color=&#8220;#4a4b53&#8243; global_colors_info=&#8220;{}&#8220;][et_pb_fullwidth_image src=&#8220;https:\/\/creperie-an-arvor.ch\/wp-content\/uploads\/2021\/11\/cropped-triskel.jpg&#8220; alt=&#8220;cafe in Vevey&#8220; title_text=&#8220;cropped-triskel.jpg&#8220; _builder_version=&#8220;4.10.5&#8243; _module_preset=&#8220;default&#8220; width=&#8220;25%&#8220; max_width=&#8220;22%&#8220; module_alignment=&#8220;center&#8220; global_colors_info=&#8220;{}&#8220;][\/et_pb_fullwidth_image][\/et_pb_section][et_pb_section fb_built=&#8220;1&#8243; fullwidth=&#8220;on&#8220; _builder_version=&#8220;4.10.5&#8243; _module_preset=&#8220;default&#8220; global_colors_info=&#8220;{}&#8220;][et_pb_fullwidth_header title=&#8220;Cr\u00eaperie An Arvor&#8220; button_one_text=&#8220;kontaktieren Sie uns&#8220; button_one_url=&#8220;@ET-DC@eyJkeW5hbWljIjp0cnVlLCJjb250ZW50IjoicG9zdF9saW5rX3VybF9wYWdlIiwic2V0dGluZ3MiOnsicG9zdF9pZCI6IjQ1In19@&#8220; subhead_tablet=&#8220;&#8220; subhead_phone=&#8220;&#8220; subhead_last_edited=&#8220;on|phone&#8220; disabled_on=&#8220;off|off|on&#8220; _builder_version=&#8220;4.10.5&#8243; _dynamic_attributes=&#8220;button_one_url&#8220; _module_preset=&#8220;default&#8220; title_text_align=&#8220;center&#8220; title_text_color=&#8220;#cbc9c0&#8243; title_font_size=&#8220;23px&#8220; background_color=&#8220;#4a4b53&#8243; custom_button_one=&#8220;on&#8220; button_one_text_size=&#8220;10px&#8220; button_one_text_color=&#8220;#cbc9c0&#8243; button_one_border_radius=&#8220;12px&#8220; custom_padding=&#8220;0px||0px|||&#8220; global_colors_info=&#8220;{}&#8220;][\/et_pb_fullwidth_header][\/et_pb_section][et_pb_section fb_built=&#8220;1&#8243; _builder_version=&#8220;4.10.5&#8243; _module_preset=&#8220;default&#8220; background_color=&#8220;#FFFFFF&#8220; background_enable_image=&#8220;off&#8220; background_size=&#8220;initial&#8220; background_repeat=&#8220;repeat&#8220; custom_padding=&#8220;0px||0px||true|false&#8220; global_colors_info=&#8220;{}&#8220;][et_pb_row column_structure=&#8220;1_2,1_2&#8243; use_custom_gutter=&#8220;on&#8220; gutter_width=&#8220;2&#8243; make_equal=&#8220;on&#8220; _builder_version=&#8220;4.10.5&#8243; _module_preset=&#8220;default&#8220; width=&#8220;94%&#8220; width_tablet=&#8220;90%&#8220; width_phone=&#8220;90%&#8220; width_last_edited=&#8220;on|phone&#8220; max_width=&#8220;1300px&#8220; max_width_tablet=&#8220;90%&#8220; max_width_phone=&#8220;90%&#8220; max_width_last_edited=&#8220;on|desktop&#8220; custom_padding=&#8220;||11px|||&#8220; global_colors_info=&#8220;{}&#8220;][et_pb_column type=&#8220;1_2&#8243; _builder_version=&#8220;3.29.3&#8243; _module_preset=&#8220;default&#8220; global_colors_info=&#8220;{}&#8220;][et_pb_text _builder_version=&#8220;4.10.5&#8243; _module_preset=&#8220;default&#8220; text_font=&#8220;EB Garamond||||||||&#8220; text_text_color=&#8220;#c9ab81&#8243; text_font_size=&#8220;21px&#8220; text_line_height=&#8220;1em&#8220; global_colors_info=&#8220;{}&#8220;]<\/p>\n<p>\u00fcber uns<\/p>\n<p>&nbsp;<\/p>\n<p>[\/et_pb_text][et_pb_text _builder_version=&#8220;4.10.5&#8243; _module_preset=&#8220;default&#8220; text_font=&#8220;EB Garamond||||||||&#8220; text_text_color=&#8220;#525252&#8243; text_font_size=&#8220;21px&#8220; text_line_height=&#8220;1.8em&#8220; header_font=&#8220;EB Garamond||||||||&#8220; header_text_color=&#8220;#525252&#8243; header_font_size=&#8220;50px&#8220; header_2_text_color=&#8220;#cbc9c0&#8243; global_colors_info=&#8220;{}&#8220;]<\/p>\n<h1>AN ARVOR\u00a0<\/h1>\n<h1>die Cr\u00eaperie in Vevey:<\/h1>\n<p>&nbsp;<\/p>\n<p><span>Dieser Name wurde ausgew\u00e4hlt, weil es <\/span>auf <span>b<\/span>retonisch &#8222;von der K\u00fcste&#8220; bedeutet und wegen der Herkunft eines der Gesch\u00e4ftsf\u00fchrer, der aus der Region C\u00f4tes d&#8217;Armor in der n\u00f6rdlichen Bretagne stammt.<\/p>\n<p>Unser Restaurant befindet sich gegen\u00fcber dem Kino REX in unserer sch\u00f6nen Stadt Vevey und l\u00e4dt Sie zu einem Ausflug in die Bretagne ein.<\/p>\n<p>Probieren Sie unsere Buchweizen-Galettes mit ihren vielf\u00e4ltigen Geschmacksrichtungen, teilen Sie mit Freunden eine Flasche Cidre und unsere k\u00f6stlichen Cr\u00eapes mit hausgemachtem Karamell und gesalzener Butter.<\/p>\n<p>Bei uns gibt es keine anderen Ambitionen als Ihnen einen angenehmen Moment mit einer authentischen bretonischen Note und einem freundlichen Empfang durch unser Team zu b<span>ereit<\/span>en.<\/p>\n<p>[\/et_pb_text][\/et_pb_column][et_pb_column type=&#8220;1_2&#8243; _builder_version=&#8220;3.29.3&#8243; _module_preset=&#8220;default&#8220; global_colors_info=&#8220;{}&#8220;][et_pb_image src=&#8220;https:\/\/creperie-an-arvor.ch\/wp-content\/uploads\/2021\/11\/crepes.webp&#8220; alt=&#8220;crepes a sarrasin&#8220; title_text=&#8220;crepes&#8220; align=&#8220;center&#8220; _builder_version=&#8220;4.10.5&#8243; _module_preset=&#8220;default&#8220; custom_padding=&#8220;100px||0px||false|false&#8220; global_colors_info=&#8220;{}&#8220;][\/et_pb_image][\/et_pb_column][\/et_pb_row][\/et_pb_section][et_pb_section fb_built=&#8220;1&#8243; _builder_version=&#8220;4.10.5&#8243; _module_preset=&#8220;default&#8220; background_color=&#8220;#FFFFFF&#8220; background_enable_image=&#8220;off&#8220; background_size=&#8220;initial&#8220; background_repeat=&#8220;repeat&#8220; custom_padding=&#8220;0px||0px||true|false&#8220; global_colors_info=&#8220;{}&#8220;][et_pb_row column_structure=&#8220;1_2,1_2&#8243; use_custom_gutter=&#8220;on&#8220; gutter_width=&#8220;2&#8243; make_equal=&#8220;on&#8220; _builder_version=&#8220;4.10.5&#8243; _module_preset=&#8220;default&#8220; background_color=&#8220;#FFFFFF&#8220; width=&#8220;94%&#8220; width_tablet=&#8220;90%&#8220; width_phone=&#8220;90%&#8220; width_last_edited=&#8220;on|phone&#8220; max_width=&#8220;1300px&#8220; max_width_tablet=&#8220;90%&#8220; max_width_phone=&#8220;90%&#8220; max_width_last_edited=&#8220;on|desktop&#8220; custom_padding=&#8220;||11px|||&#8220; global_colors_info=&#8220;{}&#8220;][et_pb_column type=&#8220;1_2&#8243; _builder_version=&#8220;3.29.3&#8243; _module_preset=&#8220;default&#8220; global_colors_info=&#8220;{}&#8220;][et_pb_text _builder_version=&#8220;4.10.5&#8243; _module_preset=&#8220;default&#8220; text_font=&#8220;EB Garamond||||||||&#8220; text_text_color=&#8220;#525252&#8243; text_font_size=&#8220;21px&#8220; text_line_height=&#8220;1.8em&#8220; header_font=&#8220;Amiko||||||||&#8220; header_text_color=&#8220;#cbc9c0&#8243; header_2_font=&#8220;EB Garamond||||||||&#8220; header_2_text_align=&#8220;left&#8220; header_2_text_color=&#8220;#c9ab81&#8243; header_2_font_size=&#8220;50px&#8220; header_2_letter_spacing=&#8220;6.4px&#8220; z_index=&#8220;999&#8243; module_alignment=&#8220;center&#8220; custom_margin=&#8220;-5px||||false|false&#8220; custom_margin_tablet=&#8220;-15px||||false|false&#8220; custom_margin_phone=&#8220;-15px||||false|false&#8220; custom_margin_last_edited=&#8220;on|phone&#8220; header_2_font_size_tablet=&#8220;&#8220; header_2_font_size_phone=&#8220;25px&#8220; header_2_font_size_last_edited=&#8220;on|phone&#8220; header_2_letter_spacing_tablet=&#8220;&#8220; header_2_letter_spacing_phone=&#8220;4px&#8220; header_2_letter_spacing_last_edited=&#8220;on|phone&#8220; global_colors_info=&#8220;{}&#8220;]<\/p>\n<h2>Die Galette:<\/h2>\n<p>&nbsp;<\/p>\n<p>Es handelt sich um einen Pfannkuchen aus glutenfreiem Buchweizenmehl (oder Buchweizenmehl). Im Laufe des 13. Jahrhunderts hat sich der Anbau dieses Getreides in der Bretagne verbreitet.<\/p>\n<p>Die Billig<span>s<\/span> (gusseiserne Crepiere) kamen im 15. Jahrhundert auf und die Cr\u00eapes-Maschinen machten die Galette von da an auf den M\u00e4rkten ber\u00fchmt. Seitdem hat es die Bretagne verstanden diese Tradition zu pflegen und es zu einem beliebten Gericht und zu einer weltweit anerkannten Spezialit\u00e4t zu machen.<\/p>\n<p>Unsere Galettes werden d\u00fcnn und weich gebacken.<\/p>\n<p>Wenn Sie jedoch lieber knusprige Galettes w\u00fcnschen, geben Sie dies bitte bei Ihrer Bestellung an.<\/p>\n<p>&nbsp;<\/p>\n<p>[\/et_pb_text][\/et_pb_column][et_pb_column type=&#8220;1_2&#8243; _builder_version=&#8220;3.29.3&#8243; _module_preset=&#8220;default&#8220; global_colors_info=&#8220;{}&#8220;][et_pb_text _builder_version=&#8220;4.10.5&#8243; _module_preset=&#8220;default&#8220; text_font=&#8220;EB Garamond||||||||&#8220; text_text_color=&#8220;#525252&#8243; text_font_size=&#8220;21px&#8220; text_line_height=&#8220;1.8em&#8220; header_2_font=&#8220;EB Garamond||||||||&#8220; header_2_text_color=&#8220;#c9ab81&#8243; header_2_font_size=&#8220;50px&#8220; global_colors_info=&#8220;{}&#8220;]<\/p>\n<h2>Der Pfannkuchen:<\/h2>\n<p>&nbsp;<\/p>\n<p>Weizen f\u00fcr die Herstellung von Cr\u00eapes wurde erstmals Anfang des 20. Jahrhunderts<span> verwendet<\/span> als das Weizenmehl<span> popul\u00e4r wurde<\/span>, das fr\u00fcher unerschwinglich war wie auch Zucker, Honig und Marmelade.<\/p>\n<p>Weizenpfannkuchen werden eher mit s\u00fcssen Beilagen zubereitet. Wir verwenden nur Schweizer Weizenmehl.<\/p>\n<p>Bei Unvertr\u00e4glichkeiten, Allergien oder einfach nur aus Lust und Laune k\u00f6nnen wir Ihnen einen s\u00fcssen Cr\u00eape aus Buchweizen servieren. Bitte teilen Sie uns dies bei IhrerBestellung mit.<\/p>\n<p>Unsere Galettes, Cr\u00eapes sowie alle unsere Zubereitungen sind von Anfang bis zum Ende hausgemacht.<\/p>\n<p>Wir arbeiten mit hochwertigen Zutaten aus der Bretagne oder aus der Schweiz (ausser dem Lachs aus Norwegen).<\/p>\n<p>[\/et_pb_text][\/et_pb_column][\/et_pb_row][\/et_pb_section][et_pb_section fb_built=&#8220;1&#8243; _builder_version=&#8220;4.10.5&#8243; _module_preset=&#8220;default&#8220; background_color=&#8220;#FFFFFF&#8220; background_enable_image=&#8220;off&#8220; background_size=&#8220;initial&#8220; background_repeat=&#8220;repeat&#8220; custom_padding=&#8220;0px||0px||true|false&#8220; global_colors_info=&#8220;{}&#8220;][et_pb_row use_custom_gutter=&#8220;on&#8220; gutter_width=&#8220;2&#8243; make_equal=&#8220;on&#8220; _builder_version=&#8220;3.29.3&#8243; _module_preset=&#8220;default&#8220; width=&#8220;94%&#8220; width_tablet=&#8220;90%&#8220; width_phone=&#8220;90%&#8220; width_last_edited=&#8220;on|phone&#8220; max_width=&#8220;1300px&#8220; max_width_tablet=&#8220;90%&#8220; max_width_phone=&#8220;90%&#8220; max_width_last_edited=&#8220;on|desktop&#8220; custom_padding=&#8220;||11px|||&#8220; global_colors_info=&#8220;{}&#8220;][et_pb_column type=&#8220;4_4&#8243; _builder_version=&#8220;3.29.3&#8243; _module_preset=&#8220;default&#8220; global_colors_info=&#8220;{}&#8220;][et_pb_text _builder_version=&#8220;4.10.5&#8243; _module_preset=&#8220;default&#8220; text_font=&#8220;Amiko||||||||&#8220; header_text_color=&#8220;#cbc9c0&#8243; header_2_font=&#8220;EB Garamond|||on|||||&#8220; header_2_text_align=&#8220;left&#8220; header_2_text_color=&#8220;#525252&#8243; header_2_font_size=&#8220;34px&#8220; header_2_letter_spacing=&#8220;6.4px&#8220; z_index=&#8220;999&#8243; module_alignment=&#8220;center&#8220; custom_margin=&#8220;-5px||||false|false&#8220; custom_margin_tablet=&#8220;-15px||||false|false&#8220; custom_margin_phone=&#8220;-15px||||false|false&#8220; custom_margin_last_edited=&#8220;on|phone&#8220; header_2_font_size_tablet=&#8220;&#8220; header_2_font_size_phone=&#8220;25px&#8220; header_2_font_size_last_edited=&#8220;on|phone&#8220; header_2_letter_spacing_tablet=&#8220;&#8220; header_2_letter_spacing_phone=&#8220;4px&#8220; header_2_letter_spacing_last_edited=&#8220;on|phone&#8220; global_colors_info=&#8220;{}&#8220;]<\/p>\n<h2>SOZIALE MEDIEN<\/h2>\n<p>[\/et_pb_text][et_pb_social_media_follow icon_color=&#8220;#cbc9c0&#8243; _builder_version=&#8220;4.10.5&#8243; _module_preset=&#8220;default&#8220; text_orientation=&#8220;right&#8220; custom_margin=&#8220;13px|30px|||false|false&#8220; global_colors_info=&#8220;{}&#8220;][et_pb_social_media_follow_network social_network=&#8220;facebook&#8220; url=&#8220;https:\/\/www.google.com\/url?sa=t&#038;source=web&#038;rct=j&#038;url=https:\/\/m.facebook.com\/pages\/category\/Cr%25C3%25AAperie\/Cr%25C3%25AAperie-An-Arvor-250844985120907\/%3Flocale2%3Dfr_FR&#038;ved=2ahUKEwiJobPr4ov0AhUK8bsIHf5IAJgQFnoECC4QAQ&#038;authuser=2&#038;usg=AOvVaw1F0tLqjHlah1p0L5h9o4V1&#8243; icon_color=&#8220;#4a4b53&#8243; use_icon_font_size=&#8220;on&#8220; icon_font_size=&#8220;18px&#8220; _builder_version=&#8220;4.10.5&#8243; _module_preset=&#8220;default&#8220; custom_padding=&#8220;12px|12px|12px|12px|true|true&#8220; border_radii=&#8220;on|0px|0px|0px|0px&#8220; border_width_all=&#8220;1px&#8220; border_color_all=&#8220;#5f5f5f&#8220; global_colors_info=&#8220;{}&#8220; icon_color__hover_enabled=&#8220;on|desktop&#8220; icon_color__hover=&#8220;#ffffff&#8220; background__hover_enabled=&#8220;on|hover&#8220; background_color__hover=&#8220;#c9ab81&#8243; background_enable_color__hover=&#8220;on&#8220; border_color_all__hover_enabled=&#8220;on|hover&#8220; border_color_all__hover=&#8220;#c9ab81&#8243; follow_button=&#8220;off&#8220; url_new_window=&#8220;on&#8220;]facebook[\/et_pb_social_media_follow_network][et_pb_social_media_follow_network social_network=&#8220;instagram&#8220; url=&#8220;https:\/\/www.instagram.com\/creperie_anarvor\/&#8220; icon_color=&#8220;#4a4b53&#8243; use_icon_font_size=&#8220;on&#8220; icon_font_size=&#8220;18px&#8220; _builder_version=&#8220;4.10.5&#8243; _module_preset=&#8220;default&#8220; background_color=&#8220;rgba(0,0,0,0)&#8220; background_enable_color=&#8220;on&#8220; custom_margin=&#8220;|||8px|false|false&#8220; custom_padding=&#8220;12px|12px|12px|12px|true|true&#8220; border_radii=&#8220;on|0px|0px|0px|0px&#8220; border_width_all=&#8220;1px&#8220; border_color_all=&#8220;#5f5f5f&#8220; global_colors_info=&#8220;{}&#8220; icon_color__hover_enabled=&#8220;on|desktop&#8220; icon_color__hover=&#8220;#ffffff&#8220; background__hover_enabled=&#8220;on|hover&#8220; background_color__hover=&#8220;#c9ab81&#8243; background_enable_color__hover=&#8220;on&#8220; border_color_all__hover_enabled=&#8220;on|hover&#8220; border_color_all__hover=&#8220;#c9ab81&#8243; follow_button=&#8220;off&#8220; url_new_window=&#8220;on&#8220;]instagram[\/et_pb_social_media_follow_network][\/et_pb_social_media_follow][\/et_pb_column][\/et_pb_row][\/et_pb_section]<\/p>\n","protected":false},"excerpt":{"rendered":"<p>a propos de An Arvor cafe, creperie a Vevey<\/p>\n","protected":false},"author":1,"featured_media":29348,"parent":0,"menu_order":0,"comment_status":"closed","ping_status":"closed","template":"","meta":{"_et_pb_use_builder":"on","_et_pb_old_content":"","_et_gb_content_width":"","footnotes":""},"class_list":["post-29518","page","type-page","status-publish","has-post-thumbnail","hentry"],"yoast_head":"<!-- This site is optimized with the Yoast SEO plugin v19.10 - https:\/\/yoast.com\/wordpress\/plugins\/seo\/ -->\n<title>\u00dcber uns | creperie-an-arvor.ch<\/title>\n<meta name=\"description\" content=\"A propos de nous - An Arvor.\" \/>\n<meta name=\"robots\" content=\"index, follow, max-snippet:-1, max-image-preview:large, max-video-preview:-1\" \/>\n<link rel=\"canonical\" href=\"https:\/\/creperie-an-arvor.ch\/de\/a-propos-de-nous\/\" \/>\n<meta property=\"og:locale\" content=\"de_DE\" \/>\n<meta property=\"og:type\" content=\"article\" \/>\n<meta property=\"og:title\" content=\"\u00dcber uns | creperie-an-arvor.ch\" \/>\n<meta property=\"og:description\" content=\"A propos de nous - An Arvor.\" \/>\n<meta property=\"og:url\" content=\"https:\/\/creperie-an-arvor.ch\/de\/a-propos-de-nous\/\" \/>\n<meta property=\"og:site_name\" content=\"creperie-an-arvor.ch\" \/>\n<meta property=\"article:modified_time\" content=\"2022-01-28T14:01:35+00:00\" \/>\n<meta property=\"og:image\" content=\"https:\/\/creperie-an-arvor.ch\/wp-content\/uploads\/2021\/11\/triskel.jpg\" \/>\n\t<meta property=\"og:image:width\" content=\"512\" \/>\n\t<meta property=\"og:image:height\" content=\"512\" \/>\n\t<meta property=\"og:image:type\" content=\"image\/jpeg\" \/>\n<meta name=\"twitter:card\" content=\"summary_large_image\" \/>\n<meta name=\"twitter:label1\" content=\"Gesch\u00e4tzte Lesezeit\" \/>\n\t<meta name=\"twitter:data1\" content=\"4\u00a0Minuten\" \/>\n<script type=\"application\/ld+json\" class=\"yoast-schema-graph\">{\"@context\":\"https:\/\/schema.org\",\"@graph\":[{\"@type\":\"WebPage\",\"@id\":\"https:\/\/creperie-an-arvor.ch\/de\/a-propos-de-nous\/\",\"url\":\"https:\/\/creperie-an-arvor.ch\/de\/a-propos-de-nous\/\",\"name\":\"\u00dcber uns | creperie-an-arvor.ch\",\"isPartOf\":{\"@id\":\"https:\/\/creperie-an-arvor.ch\/de\/#website\"},\"datePublished\":\"2022-01-19T14:56:04+00:00\",\"dateModified\":\"2022-01-28T14:01:35+00:00\",\"description\":\"A propos de nous - An Arvor.\",\"breadcrumb\":{\"@id\":\"https:\/\/creperie-an-arvor.ch\/de\/a-propos-de-nous\/#breadcrumb\"},\"inLanguage\":\"de\",\"potentialAction\":[{\"@type\":\"ReadAction\",\"target\":[\"https:\/\/creperie-an-arvor.ch\/de\/a-propos-de-nous\/\"]}]},{\"@type\":\"BreadcrumbList\",\"@id\":\"https:\/\/creperie-an-arvor.ch\/de\/a-propos-de-nous\/#breadcrumb\",\"itemListElement\":[{\"@type\":\"ListItem\",\"position\":1,\"name\":\"Home\",\"item\":\"https:\/\/creperie-an-arvor.ch\/de\/\"},{\"@type\":\"ListItem\",\"position\":2,\"name\":\"\u00dcber uns\"}]},{\"@type\":\"WebSite\",\"@id\":\"https:\/\/creperie-an-arvor.ch\/de\/#website\",\"url\":\"https:\/\/creperie-an-arvor.ch\/de\/\",\"name\":\"creperie-an-arvor.ch\",\"description\":\"Just another WordPress site\",\"potentialAction\":[{\"@type\":\"SearchAction\",\"target\":{\"@type\":\"EntryPoint\",\"urlTemplate\":\"https:\/\/creperie-an-arvor.ch\/de\/?s={search_term_string}\"},\"query-input\":\"required name=search_term_string\"}],\"inLanguage\":\"de\"}]}<\/script>\n<!-- \/ Yoast SEO plugin. -->","yoast_head_json":{"title":"\u00dcber uns | creperie-an-arvor.ch","description":"A propos de nous - An Arvor.","robots":{"index":"index","follow":"follow","max-snippet":"max-snippet:-1","max-image-preview":"max-image-preview:large","max-video-preview":"max-video-preview:-1"},"canonical":"https:\/\/creperie-an-arvor.ch\/de\/a-propos-de-nous\/","og_locale":"de_DE","og_type":"article","og_title":"\u00dcber uns | creperie-an-arvor.ch","og_description":"A propos de nous - An Arvor.","og_url":"https:\/\/creperie-an-arvor.ch\/de\/a-propos-de-nous\/","og_site_name":"creperie-an-arvor.ch","article_modified_time":"2022-01-28T14:01:35+00:00","og_image":[{"width":512,"height":512,"url":"https:\/\/creperie-an-arvor.ch\/wp-content\/uploads\/2021\/11\/triskel.jpg","type":"image\/jpeg"}],"twitter_card":"summary_large_image","twitter_misc":{"Gesch\u00e4tzte Lesezeit":"4\u00a0Minuten"},"schema":{"@context":"https:\/\/schema.org","@graph":[{"@type":"WebPage","@id":"https:\/\/creperie-an-arvor.ch\/de\/a-propos-de-nous\/","url":"https:\/\/creperie-an-arvor.ch\/de\/a-propos-de-nous\/","name":"\u00dcber uns | creperie-an-arvor.ch","isPartOf":{"@id":"https:\/\/creperie-an-arvor.ch\/de\/#website"},"datePublished":"2022-01-19T14:56:04+00:00","dateModified":"2022-01-28T14:01:35+00:00","description":"A propos de nous - An Arvor.","breadcrumb":{"@id":"https:\/\/creperie-an-arvor.ch\/de\/a-propos-de-nous\/#breadcrumb"},"inLanguage":"de","potentialAction":[{"@type":"ReadAction","target":["https:\/\/creperie-an-arvor.ch\/de\/a-propos-de-nous\/"]}]},{"@type":"BreadcrumbList","@id":"https:\/\/creperie-an-arvor.ch\/de\/a-propos-de-nous\/#breadcrumb","itemListElement":[{"@type":"ListItem","position":1,"name":"Home","item":"https:\/\/creperie-an-arvor.ch\/de\/"},{"@type":"ListItem","position":2,"name":"\u00dcber uns"}]},{"@type":"WebSite","@id":"https:\/\/creperie-an-arvor.ch\/de\/#website","url":"https:\/\/creperie-an-arvor.ch\/de\/","name":"creperie-an-arvor.ch","description":"Just another WordPress site","potentialAction":[{"@type":"SearchAction","target":{"@type":"EntryPoint","urlTemplate":"https:\/\/creperie-an-arvor.ch\/de\/?s={search_term_string}"},"query-input":"required name=search_term_string"}],"inLanguage":"de"}]}},"_links":{"self":[{"href":"https:\/\/creperie-an-arvor.ch\/de\/wp-json\/wp\/v2\/pages\/29518","targetHints":{"allow":["GET"]}}],"collection":[{"href":"https:\/\/creperie-an-arvor.ch\/de\/wp-json\/wp\/v2\/pages"}],"about":[{"href":"https:\/\/creperie-an-arvor.ch\/de\/wp-json\/wp\/v2\/types\/page"}],"author":[{"embeddable":true,"href":"https:\/\/creperie-an-arvor.ch\/de\/wp-json\/wp\/v2\/users\/1"}],"replies":[{"embeddable":true,"href":"https:\/\/creperie-an-arvor.ch\/de\/wp-json\/wp\/v2\/comments?post=29518"}],"version-history":[{"count":9,"href":"https:\/\/creperie-an-arvor.ch\/de\/wp-json\/wp\/v2\/pages\/29518\/revisions"}],"predecessor-version":[{"id":29577,"href":"https:\/\/creperie-an-arvor.ch\/de\/wp-json\/wp\/v2\/pages\/29518\/revisions\/29577"}],"wp:featuredmedia":[{"embeddable":true,"href":"https:\/\/creperie-an-arvor.ch\/de\/wp-json\/wp\/v2\/media\/29348"}],"wp:attachment":[{"href":"https:\/\/creperie-an-arvor.ch\/de\/wp-json\/wp\/v2\/media?parent=29518"}],"curies":[{"name":"wp","href":"https:\/\/api.w.org\/{rel}","templated":true}]}}